{"id":1545,"date":"2020-03-19T11:29:39","date_gmt":"2020-03-19T10:29:39","guid":{"rendered":"https:\/\/www.thalesitlab.ch\/ateliersrhone\/accueil\/"},"modified":"2022-01-28T09:48:58","modified_gmt":"2022-01-28T08:48:58","slug":"accueil","status":"publish","type":"page","link":"https:\/\/www.ateliers-rhone.ch\/de\/","title":{"rendered":"Startseite"},"content":{"rendered":"<div id=\"modal-ready\"><p>[vc_row][vc_column][rev_slider_vc alias=&#8220;industry_slider_de&#8220;][\/vc_column][\/vc_row][vc_row container=&#8220;1&#8243; css=&#8220;.vc_custom_1591709889436{margin-top: 50px !important;padding-top: 8px !important;}&#8220; el_class=&#8220;row-video&#8220;][vc_column][vc_empty_space height=&#8220;40px&#8220;][vc_custom_heading text=&#8220;Les Ateliers du Rh\u00f4ne, deutsche Sprachfassung&#8220; font_container=&#8220;tag:h1|font_size:34px|text_align:center|color:%235460a9&#8243; use_theme_fonts=&#8220;yes&#8220; css=&#8220;.vc_custom_1599464772581{padding-bottom: 20px !important;}&#8220; el_class=&#8220;text-bold&#8220;][vc_empty_space height=&#8220;24px&#8220;][vc_cta h2=&#8220;Informations importantes&#8220; shape=&#8220;square&#8220; style=&#8220;flat&#8220; color=&#8220;juicy-pink&#8220; el_class=&#8220;informations_home&#8220;]Ende des Jahres sind unsere Werkst\u00e4tte vom 18. Dezember um 22 Uhr bis zum 11. Januar 2021 morgens geschlossen.<\/p>\n<p>Angesichts der aktuellen Situation sind unsere Werkst\u00e4tte am Freitag geschlossen[\/vc_cta][vc_raw_html]JTNDZGl2JTIwc3R5bGUlM0QlMjJwYWRkaW5nJTNBNTYuMjUlMjUlMjAwJTIwMCUyMDAlM0Jwb3NpdGlvbiUzQXJlbGF0aXZlJTNCJTIyJTNFJTNDaWZyYW1lJTIwc3JjJTNEJTIyaHR0cHMlM0ElMkYlMkZwbGF5ZXIudmltZW8uY29tJTJGdmlkZW8lMkYzOTU0NTQwNDUlMjIlMjBzdHlsZSUzRCUyMnBvc2l0aW9uJTNBYWJzb2x1dGUlM0J0b3AlM0EwJTNCbGVmdCUzQTAlM0J3aWR0aCUzQTEwMCUyNSUzQmhlaWdodCUzQTEwMCUyNSUzQiUyMiUyMGZyYW1lYm9yZGVyJTNEJTIyMCUyMiUyMGFsbG93JTNEJTIyYXV0b3BsYXklM0IlMjBmdWxsc2NyZWVuJTIyJTIwYWxsb3dmdWxsc2NyZWVuJTNFJTNDJTJGaWZyYW1lJTNFJTNDJTJGZGl2JTNFJTNDc2NyaXB0JTIwc3JjJTNEJTIyaHR0cHMlM0ElMkYlMkZwbGF5ZXIudmltZW8uY29tJTJGYXBpJTJGcGxheWVyLmpzJTIyJTNFJTNDJTJGc2NyaXB0JTNF[\/vc_raw_html][vc_empty_space height=&#8220;75px&#8220;][\/vc_column][\/vc_row][vc_row el_class=&#8220;row-parallax-two&#8220;][vc_column]<section class=\"banner-lg fw-4 cw text-center\" style=\"background:#000 url(https:\/\/www.ateliers-rhone.ch\/wp-content\/uploads\/2020\/09\/slider_2.jpg);\" >\r\n\t\t<div class=\"container parallax_two\">\r\n\t\t <h2 class=\"bl-text\">Die <a>Ateliers du Rh\u00f4ne<\/a> wurden 1967 gegr\u00fcndet, auf Initiative und unter Mitarbeit der Alusuisse. Damals hatte der europ\u00e4ische Aluminiumriese<\/h2>\r\n\t\t<\/div>\r\n<\/section>\r\n[\/vc_column][\/vc_row][vc_row full_width=&#8220;stretch_row&#8220; container=&#8220;1&#8243; el_class=&#8220;row-text-image&#8220; css=&#8220;.vc_custom_1599466363935{padding-top: 100px !important;padding-bottom: 50px !important;background-color: #f8f8f8 !important;}&#8220;][vc_column width=&#8220;5\/12&#8243;][vc_single_image image=&#8220;4037&#8243; img_size=&#8220;large&#8220;][\/vc_column][vc_column width=&#8220;7\/12&#8243;]<div class=\"section-counter\"><div class=\"counter-summary clearfix\">\r\n\t<div class=\"counter-txt col-md-12 epd-x-r\">\r\n\t\t<h2 class=\"counter-heading fw-3\">Fertigung von Qualit\u00e4tsprodukten und <a>Integration von behinderten<\/a> Menschen<\/h2>\r\n\t\t<p class=\"counter-text fw-3 c-7\">Die Ateliers du Rh\u00f4ne in Chippis sind spezialisiert auf Aluminiumfertigung, haben aber auch andere F\u00e4higkeiten auf Lager. Sie verfolgen prim\u00e4r zwei Zielsetzungen: Fertigung von Qualit\u00e4tsprodukten und Integration von behinderten Menschen. \u00abIntegration in der Fertigung\u00bb - selten, wohl nie zuvor war ein Slogan so wahr.<\/p>\n<p>Wir freuen uns, Ihnen unsere neue Website zu pr\u00e4sentieren. Eine Plattform, die einfach, schlicht, dynamisch und einladend sein soll, aber vor allem - im heutigen Bildzeitalter - visuell sein soll. Wir fordern Information, Transparenz und Interaktivit\u00e4t. Unsere Website soll dies untermauern. Die Direktion der Ateliers du Rh\u00f4ne dankt Ihnen f\u00fcr Ihren Besuch und w\u00fcnscht Ihnen viel Spass beim Entdecken unseres Internetauftritts. Z\u00f6gern Sie nicht, uns zu kontaktieren; enthusiastisch wie wir sind, werden wir alles tun, um Ihren Anspr\u00fcchen und W\u00fcnschen gerecht zu werden.<\/p>\r\n\t<\/div>\r\n<\/div><\/div>\t\r\n[\/vc_column][\/vc_row][vc_row container=&#8220;1&#8243; css=&#8220;.vc_custom_1586264269258{margin-top: 50px !important;padding-top: 8px !important;}&#8220; el_class=&#8220;row-text-block&#8220;][vc_column][vc_empty_space height=&#8220;95px&#8220;]<!--Featured Three Column-->\r\n    <section class=\"section-service\">\r\n    \t<div class=\"container\">\r\n\t\t\t<p class=\"service-summary fw-3 mb-50\">Unsere F\u00e4higkeiten <a>sind vielf\u00e4ltig<\/a>. Sie werden durch einen modernen und angepassten Maschinenpark ausgedr\u00fcckt, der 9 sehr unterschiedliche Stationen umfasst.<\/p>\r\n\t\t<\/div>\r\n    <\/section>\r\n    \r\n[\/vc_column][\/vc_row][vc_row container=&#8220;1&#8243; css=&#8220;.vc_custom_1483008789138{padding-bottom: 80px !important;}&#8220;][vc_column el_class=&#8220;row-column-services&#8220;]   \r\n   \r\n\r\n<!--Intro Style One-->\r\n    <section class=\"section-service\">\r\n    \t<div class=\"col-md-12\">\r\n\t\t\t\t\t<div class=\"row\">\r\n\t\t\t\t\t\t\t\t\t\t<div class=\"col-md-4 gss-wrapper\">\r\n\t\t\t\t\t\t\t<div class=\"single-service\">\r\n\t\t\t\t\t\t\t\t<div class=\"gss-img\">\r\n\t\t\t\t\t\t\t\t<a href=\"\/de\/services\/endfertigung-kontrolle\/\">\r\n\t\t\t\t\t\t\t\t\t\t<img width=\"360\" height=\"231\" src=\"https:\/\/www.ateliers-rhone.ch\/wp-content\/uploads\/2020\/03\/service-adr-controle.jpg\" class=\"attachment-post-thumbnail size-post-thumbnail wp-post-image\" alt=\"\" decoding=\"async\" srcset=\"https:\/\/www.ateliers-rhone.ch\/wp-content\/uploads\/2020\/03\/service-adr-controle.jpg 360w, https:\/\/www.ateliers-rhone.ch\/wp-content\/uploads\/2020\/03\/service-adr-controle-300x193.jpg 300w\" sizes=\"(max-width: 360px) 100vw, 360px\" \/>\t\t\t\t\t\t\t\t\t\t<span class=\"fa fa-link c-1\"><\/span>\r\n\t\t\t\t\t\t\t\t\t<\/a>\r\n\t\t\t\t\t\t\t\t<\/div>\r\n\t\t\t\t\t\t\t\t<div class=\"gss-txt\">\r\n\t\t\t\t\t\t\t\t\t<p class=\"gss-title text-capitalize c-1 fw-3\"><\/p>\r\n\t\t\t\t\t\t\t\t\t<h2><a href=\"\/de\/services\/endfertigung-kontrolle\/\" class=\"gss-heading text-capitalize c-2 fw-5\">Endfertigung &#038; Kontrolle<\/a><\/h2>\r\n\t\t\t\t\t\t\t\t\t<p class=\"gss-text c-7 fw-3\">Banc de mesure Tesa Xcel 765 Axe X : 650 mm Axe Y : 600 mm Axe Z : 500 mm<\/p>\r\n\t\t\t\t\t\t\t\t<\/div>\r\n\t\t\t\t\t\t\t<\/div>\r\n\t\t\t\t\t\t<\/div>\r\n                    \t\t\t\t\t\t<div class=\"col-md-4 gss-wrapper\">\r\n\t\t\t\t\t\t\t<div class=\"single-service\">\r\n\t\t\t\t\t\t\t\t<div class=\"gss-img\">\r\n\t\t\t\t\t\t\t\t<a href=\"\/de\/services\/montage\/\">\r\n\t\t\t\t\t\t\t\t\t\t<img width=\"360\" height=\"231\" src=\"https:\/\/www.ateliers-rhone.ch\/wp-content\/uploads\/2020\/03\/service-montage.jpg\" class=\"attachment-post-thumbnail size-post-thumbnail wp-post-image\" alt=\"\" decoding=\"async\" srcset=\"https:\/\/www.ateliers-rhone.ch\/wp-content\/uploads\/2020\/03\/service-montage.jpg 360w, https:\/\/www.ateliers-rhone.ch\/wp-content\/uploads\/2020\/03\/service-montage-300x193.jpg 300w\" sizes=\"(max-width: 360px) 100vw, 360px\" \/>\t\t\t\t\t\t\t\t\t\t<span class=\"fa fa-link c-1\"><\/span>\r\n\t\t\t\t\t\t\t\t\t<\/a>\r\n\t\t\t\t\t\t\t\t<\/div>\r\n\t\t\t\t\t\t\t\t<div class=\"gss-txt\">\r\n\t\t\t\t\t\t\t\t\t<p class=\"gss-title text-capitalize c-1 fw-3\"><\/p>\r\n\t\t\t\t\t\t\t\t\t<h2><a href=\"\/de\/services\/montage\/\" class=\"gss-heading text-capitalize c-2 fw-5\">Montage<\/a><\/h2>\r\n\t\t\t\t\t\t\t\t\t<p class=\"gss-text c-7 fw-3\">9 places de montage, adapt\u00e9es au personnel en situation de handicap<\/p>\r\n\t\t\t\t\t\t\t\t<\/div>\r\n\t\t\t\t\t\t\t<\/div>\r\n\t\t\t\t\t\t<\/div>\r\n                    \t\t\t\t\t\t<div class=\"col-md-4 gss-wrapper\">\r\n\t\t\t\t\t\t\t<div class=\"single-service\">\r\n\t\t\t\t\t\t\t\t<div class=\"gss-img\">\r\n\t\t\t\t\t\t\t\t<a href=\"\/de\/services\/zuschnitt\/\">\r\n\t\t\t\t\t\t\t\t\t\t<img width=\"360\" height=\"231\" src=\"https:\/\/www.ateliers-rhone.ch\/wp-content\/uploads\/2020\/03\/kaltenbach_bg.jpeg\" class=\"attachment-post-thumbnail size-post-thumbnail wp-post-image\" alt=\"\" decoding=\"async\" srcset=\"https:\/\/www.ateliers-rhone.ch\/wp-content\/uploads\/2020\/03\/kaltenbach_bg.jpeg 360w, https:\/\/www.ateliers-rhone.ch\/wp-content\/uploads\/2020\/03\/kaltenbach_bg-300x193.jpeg 300w\" sizes=\"(max-width: 360px) 100vw, 360px\" \/>\t\t\t\t\t\t\t\t\t\t<span class=\"fa fa-link c-1\"><\/span>\r\n\t\t\t\t\t\t\t\t\t<\/a>\r\n\t\t\t\t\t\t\t\t<\/div>\r\n\t\t\t\t\t\t\t\t<div class=\"gss-txt\">\r\n\t\t\t\t\t\t\t\t\t<p class=\"gss-title text-capitalize c-1 fw-3\"><\/p>\r\n\t\t\t\t\t\t\t\t\t<h2><a href=\"\/de\/services\/zuschnitt\/\" class=\"gss-heading text-capitalize c-2 fw-5\">Zuschnitt<\/a><\/h2>\r\n\t\t\t\t\t\t\t\t\t<p class=\"gss-text c-7 fw-3\">Scie Kaltenbach Lames : \u00d8 400 mm Capacit\u00e9 de sciage : \u00d8 130 mm Carr\u00e9 : 120 mm Sciage plat : ...<\/p>\r\n\t\t\t\t\t\t\t\t<\/div>\r\n\t\t\t\t\t\t\t<\/div>\r\n\t\t\t\t\t\t<\/div>\r\n                    \t\t\t\t\t\t<div class=\"col-md-4 gss-wrapper\">\r\n\t\t\t\t\t\t\t<div class=\"single-service\">\r\n\t\t\t\t\t\t\t\t<div class=\"gss-img\">\r\n\t\t\t\t\t\t\t\t<a href=\"\/de\/services\/standard-fertigung\/\">\r\n\t\t\t\t\t\t\t\t\t\t<img width=\"360\" height=\"231\" src=\"https:\/\/www.ateliers-rhone.ch\/wp-content\/uploads\/2020\/03\/service-brother-r650.jpg\" class=\"attachment-post-thumbnail size-post-thumbnail wp-post-image\" alt=\"\" decoding=\"async\" srcset=\"https:\/\/www.ateliers-rhone.ch\/wp-content\/uploads\/2020\/03\/service-brother-r650.jpg 360w, https:\/\/www.ateliers-rhone.ch\/wp-content\/uploads\/2020\/03\/service-brother-r650-300x193.jpg 300w\" sizes=\"(max-width: 360px) 100vw, 360px\" \/>\t\t\t\t\t\t\t\t\t\t<span class=\"fa fa-link c-1\"><\/span>\r\n\t\t\t\t\t\t\t\t\t<\/a>\r\n\t\t\t\t\t\t\t\t<\/div>\r\n\t\t\t\t\t\t\t\t<div class=\"gss-txt\">\r\n\t\t\t\t\t\t\t\t\t<p class=\"gss-title text-capitalize c-1 fw-3\"><\/p>\r\n\t\t\t\t\t\t\t\t\t<h2><a href=\"\/de\/services\/standard-fertigung\/\" class=\"gss-heading text-capitalize c-2 fw-5\">Standard-Fertigung<\/a><\/h2>\r\n\t\t\t\t\t\t\t\t\t<p class=\"gss-text c-7 fw-3\">Brother Speedio R650X1\u00a0 Axe X : 650 mm Axe Y : 400 mm Axe Z : 305 mm Vitesse de broche ...<\/p>\r\n\t\t\t\t\t\t\t\t<\/div>\r\n\t\t\t\t\t\t\t<\/div>\r\n\t\t\t\t\t\t<\/div>\r\n                    \t\t\t\t\t\t<div class=\"col-md-4 gss-wrapper\">\r\n\t\t\t\t\t\t\t<div class=\"single-service\">\r\n\t\t\t\t\t\t\t\t<div class=\"gss-img\">\r\n\t\t\t\t\t\t\t\t<a href=\"\/de\/services\/grossteile-fertigung\/\">\r\n\t\t\t\t\t\t\t\t\t\t<img width=\"507\" height=\"239\" src=\"https:\/\/www.ateliers-rhone.ch\/wp-content\/uploads\/2020\/03\/dmf.jpg\" class=\"attachment-post-thumbnail size-post-thumbnail wp-post-image\" alt=\"\" decoding=\"async\" srcset=\"https:\/\/www.ateliers-rhone.ch\/wp-content\/uploads\/2020\/03\/dmf.jpg 507w, https:\/\/www.ateliers-rhone.ch\/wp-content\/uploads\/2020\/03\/dmf-300x141.jpg 300w\" sizes=\"(max-width: 507px) 100vw, 507px\" \/>\t\t\t\t\t\t\t\t\t\t<span class=\"fa fa-link c-1\"><\/span>\r\n\t\t\t\t\t\t\t\t\t<\/a>\r\n\t\t\t\t\t\t\t\t<\/div>\r\n\t\t\t\t\t\t\t\t<div class=\"gss-txt\">\r\n\t\t\t\t\t\t\t\t\t<p class=\"gss-title text-capitalize c-1 fw-3\"><\/p>\r\n\t\t\t\t\t\t\t\t\t<h2><a href=\"\/de\/services\/grossteile-fertigung\/\" class=\"gss-heading text-capitalize c-2 fw-5\">Grossteile-Fertigung<\/a><\/h2>\r\n\t\t\t\t\t\t\t\t\t<p class=\"gss-text c-7 fw-3\">DMG, DMF 260 Axe X : 2&#8217;600 mm Axe Y : 700 mm Axe Z : 700 mm Vitesse de broche ...<\/p>\r\n\t\t\t\t\t\t\t\t<\/div>\r\n\t\t\t\t\t\t\t<\/div>\r\n\t\t\t\t\t\t<\/div>\r\n                    \t\t\t\t\t\t<div class=\"col-md-4 gss-wrapper\">\r\n\t\t\t\t\t\t\t<div class=\"single-service\">\r\n\t\t\t\t\t\t\t\t<div class=\"gss-img\">\r\n\t\t\t\t\t\t\t\t<a href=\"\/de\/services\/drehen\/\">\r\n\t\t\t\t\t\t\t\t\t\t<img width=\"360\" height=\"239\" src=\"https:\/\/www.ateliers-rhone.ch\/wp-content\/uploads\/2020\/03\/ctx-3.jpg\" class=\"attachment-post-thumbnail size-post-thumbnail wp-post-image\" alt=\"\" decoding=\"async\" srcset=\"https:\/\/www.ateliers-rhone.ch\/wp-content\/uploads\/2020\/03\/ctx-3.jpg 360w, https:\/\/www.ateliers-rhone.ch\/wp-content\/uploads\/2020\/03\/ctx-3-300x199.jpg 300w\" sizes=\"(max-width: 360px) 100vw, 360px\" \/>\t\t\t\t\t\t\t\t\t\t<span class=\"fa fa-link c-1\"><\/span>\r\n\t\t\t\t\t\t\t\t\t<\/a>\r\n\t\t\t\t\t\t\t\t<\/div>\r\n\t\t\t\t\t\t\t\t<div class=\"gss-txt\">\r\n\t\t\t\t\t\t\t\t\t<p class=\"gss-title text-capitalize c-1 fw-3\"><\/p>\r\n\t\t\t\t\t\t\t\t\t<h2><a href=\"\/de\/services\/drehen\/\" class=\"gss-heading text-capitalize c-2 fw-5\">Drehen<\/a><\/h2>\r\n\t\t\t\t\t\t\t\t\t<p class=\"gss-text c-7 fw-3\">Tour DMG CTX Beta 1250 Diam\u00e8tre maxi : 340 mm Longueur maxi : 1250 mm Vitesse de broche : 4&#8217;000 tr\/min ...<\/p>\r\n\t\t\t\t\t\t\t\t<\/div>\r\n\t\t\t\t\t\t\t<\/div>\r\n\t\t\t\t\t\t<\/div>\r\n                    \t\r\n\t\t\t\t\t<\/div>\r\n                <\/div>\r\n    <\/section>\r\n[\/vc_column][\/vc_row][vc_row el_class=&#8220;row-parallax&#8220;][vc_column]\t<!-- section-facts start -->\r\n\t<div class=\"section-facts\" style=\"background:#000 url(\r\nhttps:\/\/www.ateliers-rhone.ch\/wp-content\/uploads\/2020\/09\/bg_header.jpg);\" >\r\n\t\t<div class=\"container\">\r\n\t\t\t<div class=\"row\">\r\n\t\t\t\t<div class=\"col-md-5 fact-summary text-right\">\r\n\t\t\t\t\t<h2 class=\"fs-title cw fw-4\">In unserer auf Aluminiumfertigung spezialisierten Werkstatt<\/h2>\r\n\t\t\t\t\t<a href=\"\/de\/produktion\/\" class=\"g-btn\">Produktion<\/a>\r\n\t\t\t\t<\/div>\r\n\t\t\t\t<div class=\"col-md-7 fact-items epd-x-r\">\r\n\t\t\t\t\t<div class=\"text-center fact-area col-xs-4 epd-x\">\r\n\t\t\t\t\t\t<div class=\"single-fact\">\r\n\t\t\t\t\t\t\t<div class=\"sf-icon-area cw\">\r\n\t\t\t\t\t\t\t\t<span class=\"sf-icon cw icon flaticon-construction-worker\"><\/span>\r\n\t\t\t\t\t\t\t<\/div>\r\n\t\t\t\t\t\t\t<h2 class=\"c-1 fw-5 fact-heading\">Usinage<\/h2>\r\n\t\t\t\t\t\t\t<h2 class=\"cw fw-4 fact-title text-capitalize\">CNC<\/h2>\r\n\t\t\t\t\t\t<\/div>\r\n\t\t\t\t\t<\/div>\r\n\r\n\t\t\t\t\t<div class=\"text-center fact-area col-xs-4 epd-x\">\r\n\t\t\t\t\t\t<div class=\"single-fact\">\r\n\t\t\t\t\t\t\t<div class=\"sf-icon-area cw\">\r\n\t\t\t\t\t\t\t\t<span class=\"sf-icon cw icon flaticon-tool\"><\/span>\r\n\t\t\t\t\t\t\t<\/div>\r\n\t\t\t\t\t\t\t<h2 class=\"c-1 fw-5 fact-heading\">Pi\u00e8ces<\/h2>\r\n\t\t\t\t\t\t\t<h2 class=\"cw fw-4 fact-title text-capitalize\">En s\u00e9rie<\/h2>\r\n\t\t\t\t\t\t<\/div>\r\n\t\t\t\t\t<\/div>\r\n\r\n\t\t\t\t\t<div class=\"text-center fact-area col-xs-4 epd-x\">\r\n\t\t\t\t\t\t<div class=\"single-fact\">\r\n\t\t\t\t\t\t\t<div class=\"sf-icon-area cw\">\r\n\t\t\t\t\t\t\t\t<span class=\"sf-icon cw flaticon-badge-with-a-star\"><\/span>\r\n\t\t\t\t\t\t\t<\/div>\r\n\t\t\t\t\t\t\t<h2 class=\"c-1 fw-5 icon flaticon-badge-with-a-star\">Qualit\u00e9<\/h2>\r\n\t\t\t\t\t\t\t<h2 class=\"cw fw-4 fact-title text-capitalize\">De production<\/h2>\r\n\t\t\t\t\t\t<\/div>\r\n\t\t\t\t\t<\/div>\r\n\r\n\t\t\t\t<\/div>\r\n\r\n\t\t\t<\/div>\r\n\t\t<\/div>\r\n\t<\/div> \r\n[\/vc_column][\/vc_row][vc_row el_class=&#8220;row-team&#8220;][vc_column el_class=&#8220;hide_avatar&#8220;]\t\n\t<div class=\"section-team\" style=\"background:#000 url(\nhttps:\/\/www.ateliers-rhone.ch\/wp-content\/uploads\/2016\/12\/02-2.jpg);\" >\n\t\t<div class=\"container\">\n\t\t\t<h2 class=\"team-title text-capitalize cw fw-5\">Unser Team<\/h2>\n\t\t\t<a href=\"\" class=\"g-btn-cw pull-right\">Read More  <\/a>\n\t\t\t<div class=\"clr\"><\/div>\n\t\t\t<div class=\"row\">\n\t\t\t\t<div class=\"members-area mt-50\">\n\t\t\t\t \n\t\t\t\t\t<div class=\"col-md-3 col-sm-6 team-member\">\n\t\t\t\t\t\t<div class=\"tm-inner\">\n\t\t\t\t\t\t\t<div class=\"member-img\">\n\t\t\t\t\t\t\t<img width=\"150\" height=\"220\" src=\"https:\/\/www.ateliers-rhone.ch\/wp-content\/uploads\/2016\/12\/christophe-bilgischer.jpg\" class=\"attachment-post-thumbnail size-post-thumbnail wp-post-image\" alt=\"\" decoding=\"async\" \/>\t\t\t\t\t\t\t<\/div>\n\t\t\t\t\t\t\t<h2 class=\"member-name fw-5 cw-5 cw text-capitalize\"><a style=\"color:#fff !important\" class=\"gss-heading text-capitalize fw-5\">Christophe Bilgischer<\/a><\/h2>\n\t\t\t\t\t\t\t<h2 class=\"member-pos fw-3 c-1 text-capitalize\">Direktor<\/h2>\n\t\t\t\t\t\t\t<p class=\"member-summary fw-3\">027 564 32 11 direction(at)ateliers-rhone.ch<\/p>\n\t\t\t\t\t\t<\/div>\n\t\t\t\t\t<\/div>\n\t\t\t\t  \n\t\t\t\t\t<div class=\"col-md-3 col-sm-6 team-member\">\n\t\t\t\t\t\t<div class=\"tm-inner\">\n\t\t\t\t\t\t\t<div class=\"member-img\">\n\t\t\t\t\t\t\t\t\t\t\t\t\t\t<\/div>\n\t\t\t\t\t\t\t<h2 class=\"member-name fw-5 cw-5 cw text-capitalize\"><a style=\"color:#fff !important\" class=\"gss-heading text-capitalize fw-5\"><\/a><\/h2>\n\t\t\t\t\t\t\t<h2 class=\"member-pos fw-3 c-1 text-capitalize\">Leitung Produktion<\/h2>\n\t\t\t\t\t\t\t<p class=\"member-summary fw-3\">027 564 32 12 &#8211; production(at)ateliers-rhone.ch<\/p>\n\t\t\t\t\t\t<\/div>\n\t\t\t\t\t<\/div>\n\t\t\t\t  \n\t\t\t\t\t<div class=\"col-md-3 col-sm-6 team-member\">\n\t\t\t\t\t\t<div class=\"tm-inner\">\n\t\t\t\t\t\t\t<div class=\"member-img\">\n\t\t\t\t\t\t\t<img width=\"150\" height=\"220\" src=\"https:\/\/www.ateliers-rhone.ch\/wp-content\/uploads\/2016\/12\/julien-mudry.jpg\" class=\"attachment-post-thumbnail size-post-thumbnail wp-post-image\" alt=\"\" decoding=\"async\" \/>\t\t\t\t\t\t\t<\/div>\n\t\t\t\t\t\t\t<h2 class=\"member-name fw-5 cw-5 cw text-capitalize\"><a style=\"color:#fff !important\" class=\"gss-heading text-capitalize fw-5\">Julien Mudry<\/a><\/h2>\n\t\t\t\t\t\t\t<h2 class=\"member-pos fw-3 c-1 text-capitalize\">Kundendienst<\/h2>\n\t\t\t\t\t\t\t<p class=\"member-summary fw-3\">027 564 32 13 qualite(at)ateliers-rhone.ch<\/p>\n\t\t\t\t\t\t<\/div>\n\t\t\t\t\t<\/div>\n\t\t\t\t  \n\t\t\t\t\t<div class=\"col-md-3 col-sm-6 team-member\">\n\t\t\t\t\t\t<div class=\"tm-inner\">\n\t\t\t\t\t\t\t<div class=\"member-img\">\n\t\t\t\t\t\t\t<img width=\"150\" height=\"220\" src=\"https:\/\/www.ateliers-rhone.ch\/wp-content\/uploads\/2020\/03\/default_profile.png\" class=\"attachment-post-thumbnail size-post-thumbnail wp-post-image\" alt=\"\" decoding=\"async\" \/>\t\t\t\t\t\t\t<\/div>\n\t\t\t\t\t\t\t<h2 class=\"member-name fw-5 cw-5 cw text-capitalize\"><a style=\"color:#fff !important\" class=\"gss-heading text-capitalize fw-5\"><\/a><\/h2>\n\t\t\t\t\t\t\t<h2 class=\"member-pos fw-3 c-1 text-capitalize\">Sekretariat<\/h2>\n\t\t\t\t\t\t\t<p class=\"member-summary fw-3\">027 564 32 10 info(at)ateliers-rhone.ch<\/p>\n\t\t\t\t\t\t<\/div>\n\t\t\t\t\t<\/div>\n\t\t\t\t  \n\t\t\t\t<\/div>\n\t\t\t<\/div>\n\t\t<\/div>\n\t<\/div>\n[\/vc_column][\/vc_row]<\/p>\n<\/div>","protected":false},"excerpt":{"rendered":"<p>[vc_row][vc_column][rev_slider_vc alias=&#8220;industry_slider_de&#8220;][\/vc_column][\/vc_row][vc_row container=&#8220;1&#8243; css=&#8220;.vc_custom_1591709889436{margin-top: 50px !important;padding-top: 8px !important;}&#8220; el_class=&#8220;row-video&#8220;][vc_column][vc_empty_space height=&#8220;40px&#8220;][vc_custom_heading text=&#8220;Les Ateliers du Rh\u00f4ne, deutsche Sprachfassung&#8220; font_container=&#8220;tag:h1|font_size:34px|text_align:center|color:%235460a9&#8243; use_theme_fonts=&#8220;yes&#8220; css=&#8220;.vc_custom_1599464772581{padding-bottom: 20px !important;}&#8220; el_class=&#8220;text-bold&#8220;][vc_empty_space height=&#8220;24px&#8220;][vc_cta h2=&#8220;Informations importantes&#8220; shape=&#8220;square&#8220; style=&#8220;flat&#8220; color=&#8220;juicy-pink&#8220; el_class=&#8220;informations_home&#8220;]Ende des Jahres sind unsere Werkst\u00e4tte vom 18. Dezember um 22 Uhr bis zum 11. Januar 2021 morgens geschlossen. Angesichts der aktuellen Situation sind unsere Werkst\u00e4tte am<\/p>\n","protected":false},"author":1,"featured_media":0,"parent":0,"menu_order":0,"comment_status":"closed","ping_status":"closed","template":"tpl-visual_composer.php","meta":{"footnotes":""},"yoast_head":"<!-- This site is optimized with the Yoast SEO plugin v21.7 - https:\/\/yoast.com\/wordpress\/plugins\/seo\/ -->\n<title>Startseite - Ateliers du Rh\u00f4ne<\/title>\n<meta name=\"robots\" content=\"index, follow, max-snippet:-1, max-image-preview:large, max-video-preview:-1\" \/>\n<link rel=\"canonical\" href=\"https:\/\/www.ateliers-rhone.ch\/de\/\" \/>\n<meta property=\"og:locale\" content=\"de_DE\" \/>\n<meta property=\"og:type\" content=\"article\" \/>\n<meta property=\"og:title\" content=\"Startseite - Ateliers du Rh\u00f4ne\" \/>\n<meta property=\"og:description\" content=\"[vc_row][vc_column][rev_slider_vc alias=&#8220;industry_slider_de&#8220;][\/vc_column][\/vc_row][vc_row container=&#8220;1&#8243; css=&#8220;.vc_custom_1591709889436{margin-top: 50px !important;padding-top: 8px !important;}&#8220; el_class=&#8220;row-video&#8220;][vc_column][vc_empty_space height=&#8220;40px&#8220;][vc_custom_heading text=&#8220;Les Ateliers du Rh\u00f4ne, deutsche Sprachfassung&#8220; font_container=&#8220;tag:h1|font_size:34px|text_align:center|color:%235460a9&#8243; use_theme_fonts=&#8220;yes&#8220; css=&#8220;.vc_custom_1599464772581{padding-bottom: 20px !important;}&#8220; el_class=&#8220;text-bold&#8220;][vc_empty_space height=&#8220;24px&#8220;][vc_cta h2=&#8220;Informations importantes&#8220; shape=&#8220;square&#8220; style=&#8220;flat&#8220; color=&#8220;juicy-pink&#8220; el_class=&#8220;informations_home&#8220;]Ende des Jahres sind unsere Werkst\u00e4tte vom 18. Dezember um 22 Uhr bis zum 11. Januar 2021 morgens geschlossen. Angesichts der aktuellen Situation sind unsere Werkst\u00e4tte am\" \/>\n<meta property=\"og:url\" content=\"https:\/\/www.ateliers-rhone.ch\/de\/\" \/>\n<meta property=\"og:site_name\" content=\"Ateliers du Rh\u00f4ne\" \/>\n<meta property=\"article:modified_time\" content=\"2022-01-28T08:48:58+00:00\" \/>\n<meta name=\"twitter:card\" content=\"summary_large_image\" \/>\n<meta name=\"twitter:label1\" content=\"Gesch\u00e4tzte Lesezeit\" \/>\n\t<meta name=\"twitter:data1\" content=\"3\u00a0Minuten\" \/>\n<script type=\"application\/ld+json\" class=\"yoast-schema-graph\">{\"@context\":\"https:\/\/schema.org\",\"@graph\":[{\"@type\":\"WebPage\",\"@id\":\"https:\/\/www.ateliers-rhone.ch\/de\/\",\"url\":\"https:\/\/www.ateliers-rhone.ch\/de\/\",\"name\":\"Startseite - Ateliers du Rh\u00f4ne\",\"isPartOf\":{\"@id\":\"https:\/\/www.ateliers-rhone.ch\/#website\"},\"datePublished\":\"2020-03-19T10:29:39+00:00\",\"dateModified\":\"2022-01-28T08:48:58+00:00\",\"breadcrumb\":{\"@id\":\"https:\/\/www.ateliers-rhone.ch\/de\/#breadcrumb\"},\"inLanguage\":\"de\",\"potentialAction\":[{\"@type\":\"ReadAction\",\"target\":[\"https:\/\/www.ateliers-rhone.ch\/de\/\"]}]},{\"@type\":\"BreadcrumbList\",\"@id\":\"https:\/\/www.ateliers-rhone.ch\/de\/#breadcrumb\",\"itemListElement\":[{\"@type\":\"ListItem\",\"position\":1,\"name\":\"Home\",\"item\":\"https:\/\/www.ateliers-rhone.ch\/de\/\"},{\"@type\":\"ListItem\",\"position\":2,\"name\":\"Startseite\"}]},{\"@type\":\"WebSite\",\"@id\":\"https:\/\/www.ateliers-rhone.ch\/#website\",\"url\":\"https:\/\/www.ateliers-rhone.ch\/\",\"name\":\"Ateliers du Rh\u00f4ne\",\"description\":\"\",\"potentialAction\":[{\"@type\":\"SearchAction\",\"target\":{\"@type\":\"EntryPoint\",\"urlTemplate\":\"https:\/\/www.ateliers-rhone.ch\/?s={search_term_string}\"},\"query-input\":\"required name=search_term_string\"}],\"inLanguage\":\"de\"}]}<\/script>\n<!-- \/ Yoast SEO plugin. -->","yoast_head_json":{"title":"Startseite - Ateliers du Rh\u00f4ne","robots":{"index":"index","follow":"follow","max-snippet":"max-snippet:-1","max-image-preview":"max-image-preview:large","max-video-preview":"max-video-preview:-1"},"canonical":"https:\/\/www.ateliers-rhone.ch\/de\/","og_locale":"de_DE","og_type":"article","og_title":"Startseite - Ateliers du Rh\u00f4ne","og_description":"[vc_row][vc_column][rev_slider_vc alias=&#8220;industry_slider_de&#8220;][\/vc_column][\/vc_row][vc_row container=&#8220;1&#8243; css=&#8220;.vc_custom_1591709889436{margin-top: 50px !important;padding-top: 8px !important;}&#8220; el_class=&#8220;row-video&#8220;][vc_column][vc_empty_space height=&#8220;40px&#8220;][vc_custom_heading text=&#8220;Les Ateliers du Rh\u00f4ne, deutsche Sprachfassung&#8220; font_container=&#8220;tag:h1|font_size:34px|text_align:center|color:%235460a9&#8243; use_theme_fonts=&#8220;yes&#8220; css=&#8220;.vc_custom_1599464772581{padding-bottom: 20px !important;}&#8220; el_class=&#8220;text-bold&#8220;][vc_empty_space height=&#8220;24px&#8220;][vc_cta h2=&#8220;Informations importantes&#8220; shape=&#8220;square&#8220; style=&#8220;flat&#8220; color=&#8220;juicy-pink&#8220; el_class=&#8220;informations_home&#8220;]Ende des Jahres sind unsere Werkst\u00e4tte vom 18. Dezember um 22 Uhr bis zum 11. Januar 2021 morgens geschlossen. Angesichts der aktuellen Situation sind unsere Werkst\u00e4tte am","og_url":"https:\/\/www.ateliers-rhone.ch\/de\/","og_site_name":"Ateliers du Rh\u00f4ne","article_modified_time":"2022-01-28T08:48:58+00:00","twitter_card":"summary_large_image","twitter_misc":{"Gesch\u00e4tzte Lesezeit":"3\u00a0Minuten"},"schema":{"@context":"https:\/\/schema.org","@graph":[{"@type":"WebPage","@id":"https:\/\/www.ateliers-rhone.ch\/de\/","url":"https:\/\/www.ateliers-rhone.ch\/de\/","name":"Startseite - Ateliers du Rh\u00f4ne","isPartOf":{"@id":"https:\/\/www.ateliers-rhone.ch\/#website"},"datePublished":"2020-03-19T10:29:39+00:00","dateModified":"2022-01-28T08:48:58+00:00","breadcrumb":{"@id":"https:\/\/www.ateliers-rhone.ch\/de\/#breadcrumb"},"inLanguage":"de","potentialAction":[{"@type":"ReadAction","target":["https:\/\/www.ateliers-rhone.ch\/de\/"]}]},{"@type":"BreadcrumbList","@id":"https:\/\/www.ateliers-rhone.ch\/de\/#breadcrumb","itemListElement":[{"@type":"ListItem","position":1,"name":"Home","item":"https:\/\/www.ateliers-rhone.ch\/de\/"},{"@type":"ListItem","position":2,"name":"Startseite"}]},{"@type":"WebSite","@id":"https:\/\/www.ateliers-rhone.ch\/#website","url":"https:\/\/www.ateliers-rhone.ch\/","name":"Ateliers du Rh\u00f4ne","description":"","potentialAction":[{"@type":"SearchAction","target":{"@type":"EntryPoint","urlTemplate":"https:\/\/www.ateliers-rhone.ch\/?s={search_term_string}"},"query-input":"required name=search_term_string"}],"inLanguage":"de"}]}},"_links":{"self":[{"href":"https:\/\/www.ateliers-rhone.ch\/de\/wp-json\/wp\/v2\/pages\/1545"}],"collection":[{"href":"https:\/\/www.ateliers-rhone.ch\/de\/wp-json\/wp\/v2\/pages"}],"about":[{"href":"https:\/\/www.ateliers-rhone.ch\/de\/wp-json\/wp\/v2\/types\/page"}],"author":[{"embeddable":true,"href":"https:\/\/www.ateliers-rhone.ch\/de\/wp-json\/wp\/v2\/users\/1"}],"replies":[{"embeddable":true,"href":"https:\/\/www.ateliers-rhone.ch\/de\/wp-json\/wp\/v2\/comments?post=1545"}],"version-history":[{"count":63,"href":"https:\/\/www.ateliers-rhone.ch\/de\/wp-json\/wp\/v2\/pages\/1545\/revisions"}],"predecessor-version":[{"id":4138,"href":"https:\/\/www.ateliers-rhone.ch\/de\/wp-json\/wp\/v2\/pages\/1545\/revisions\/4138"}],"wp:attachment":[{"href":"https:\/\/www.ateliers-rhone.ch\/de\/wp-json\/wp\/v2\/media?parent=1545"}],"curies":[{"name":"wp","href":"https:\/\/api.w.org\/{rel}","templated":true}]}}